{"version":"1.0","provider_name":"WFG Kreis Viersen","provider_url":"https:\/\/wfg-kreis-viersen.de\/en\/","author_name":"WfgAdmin","author_url":"https:\/\/wfg-kreis-viersen.de\/en\/author\/wfgadmin\/","title":"Connect & Act - Ausbildungsmesse (Westkreis) &#8211; WFG Kreis Viersen","type":"rich","width":600,"height":338,"html":"<blockquote class=\"wp-embedded-content\" data-secret=\"cJxsykkIbj\"><a href=\"https:\/\/wfg-kreis-viersen.de\/en\/veranstaltungen\/connect-act-ausbildungsmesse-westkreis\/\">Connect &#038; Act &#8211; Ausbildungsmesse (Westkreis)<\/a><\/blockquote><iframe sandbox=\"allow-scripts\" security=\"restricted\" src=\"https:\/\/wfg-kreis-viersen.de\/en\/veranstaltungen\/connect-act-ausbildungsmesse-westkreis\/embed\/#?secret=cJxsykkIbj\" width=\"600\" height=\"338\" title=\"&#8220;Connect &#038; Act &#8211; Ausbildungsmesse (Westkreis)&#8221; &#8212; WFG Kreis Viersen\" data-secret=\"cJxsykkIbj\" frameborder=\"0\" marginwidth=\"0\" marginheight=\"0\" scrolling=\"no\" class=\"wp-embedded-content\"><\/iframe><script>\n\/*! This file is auto-generated *\/\n!function(d,l){\"use strict\";l.querySelector&&d.addEventListener&&\"undefined\"!=typeof URL&&(d.wp=d.wp||{},d.wp.receiveEmbedMessage||(d.wp.receiveEmbedMessage=function(e){var t=e.data;if((t||t.secret||t.message||t.value)&&!\/[^a-zA-Z0-9]\/.test(t.secret)){for(var s,r,n,a=l.querySelectorAll('iframe[data-secret=\"'+t.secret+'\"]'),o=l.querySelectorAll('blockquote[data-secret=\"'+t.secret+'\"]'),c=new RegExp(\"^https?:$\",\"i\"),i=0;i<o.length;i++)o[i].style.display=\"none\";for(i=0;i<a.length;i++)s=a[i],e.source===s.contentWindow&&(s.removeAttribute(\"style\"),\"height\"===t.message?(1e3<(r=parseInt(t.value,10))?r=1e3:~~r<200&&(r=200),s.height=r):\"link\"===t.message&&(r=new URL(s.getAttribute(\"src\")),n=new URL(t.value),c.test(n.protocol))&&n.host===r.host&&l.activeElement===s&&(d.top.location.href=t.value))}},d.addEventListener(\"message\",d.wp.receiveEmbedMessage,!1),l.addEventListener(\"DOMContentLoaded\",function(){for(var e,t,s=l.querySelectorAll(\"iframe.wp-embedded-content\"),r=0;r<s.length;r++)(t=(e=s[r]).getAttribute(\"data-secret\"))||(t=Math.random().toString(36).substring(2,12),e.src+=\"#?secret=\"+t,e.setAttribute(\"data-secret\",t)),e.contentWindow.postMessage({message:\"ready\",secret:t},\"*\")},!1)))}(window,document);\n<\/script>\n","thumbnail_url":"https:\/\/wfg-kreis-viersen.de\/wp-content\/uploads\/2023\/12\/97089-Logo-ConnectAct_DR_Web.png","thumbnail_width":1352,"thumbnail_height":650,"description":"Die Ausbildungsmesse \u201eDein Job Match\u201c geht in die dritte Runde. Die Wirtschaftsf\u00f6rderungen der Westkreis-Gemeinden Br\u00fcggen, Niederkr\u00fcchten und Schwalmtal werden in diesem Jahr die Messe \u201eDein Job Match\u201c fortsetzen. Auch in diesem Jahr werden wir gemeinsam mit den Schulen im Westkreis das Konzept weiter ausbauen und die Unternehmen auf der Suche nach potentiellen Auszubildenden und die [&hellip;]"}