{"id":18241,"date":"2015-12-22T07:07:04","date_gmt":"2015-12-22T06:07:04","guid":{"rendered":"https:\/\/dev2.wfg-kreis-viersen.de\/startseite\/"},"modified":"2022-04-29T09:34:08","modified_gmt":"2022-04-29T07:34:08","slug":"startseite","status":"publish","type":"page","link":"https:\/\/wfg-kreis-viersen.de\/en\/","title":{"rendered":"Wirtschaftsf\u00f6rderung f\u00fcr den Kreis Viersen"},"content":{"rendered":"<p>[vc_row css=&#8221;.vc_custom_1644392584085{margin-bottom: 120px !important;}&#8221;][vc_column offset=&#8221;vc_col-lg-8 vc_col-md-10&#8243;][vc_column_text]<\/p>\n<h1>Wirtschafts\u00adf\u00f6rderung <br class=\"d-none d-lg-block\" \/>f\u00fcr den Kreis Viersen<\/h1>\n<p>[\/vc_column_text][vc_column_text css=&#8221;.vc_custom_1651150901783{margin-bottom: 15px !important;padding-top: 0px !important;}&#8221;]<strong>The Wirtschaftsf\u00f6rderung Kreis Viersen team is at your disposal if you are interested in learning more about the city of Viersen and its surroundings in the German Lower Rhine region as a potential location for your company &#8211; and everything that involves. Existing entrepreneurs in Kreis Viersen are also welcome to contact us with questions.<\/strong>[\/vc_column_text][vc_column_text css=&#8221;.vc_custom_1651150880198{margin-bottom: 15px !important;padding-top: 0px !important;}&#8221;]We have been tasked with actively developing and future-proofing the economy and business sector in Kreis Viersen, a city with a population of approximately 300,000. Job creation and retention is our top priority. We work with a focus on the future for companies, start-ups and the municipalities in Kreis Viersen, identifying trends, initiating processes and developing new ideas. We are a strong partner in substantive international networks.<\/p>\n<p>We serve as a one-stop shop for expert advice and a wide range of services\u2014from information on subsidies and start-up advice to support for businesses looking to buy land and real estate. Marketing Kreis Viersen as a prime business location and an excellent tourist destination is one of our key tasks.<\/p>\n<p>Ready for the future\u2014in line with that motto, sustainability plays an important role in everything we do. We provide targeted advice to agricultural entrepreneurs to support future-oriented agriculture. Sustainable and healthy construction and reusing former business parks and real estate are other examples of our smart and renewable projects and initiatives.[\/vc_column_text][\/vc_column][vc_column width=&#8221;1\/3&#8243;][\/vc_column][\/vc_row][vc_row full_width=&#8221;stretch_row&#8221; el_class=&#8221;diagonal-blau&#8221; el_id=&#8221;angebot&#8221; css=&#8221;.vc_custom_1644999659415{margin-bottom: 0px !important;}&#8221;][vc_column offset=&#8221;vc_col-md-3&#8243;][vc_column_text]<\/p>\n<h2>Good advice every time<\/h2>\n<p>The Wirtschaftsf\u00f6rderung Kreis Viersen team offers a one-stop shop for expert advice and a wide range of services. We serve as your \u201cspider in a web\u201d, maintaining close contact with regional and supra-regional associations, chambers of commerce, government agencies, educational institutions and other bodies.[\/vc_column_text][vc_column_text el_class=&#8221;button-inverse-outline&#8221; css=&#8221;.vc_custom_1651153089412{margin-top: 30px !important;margin-bottom: 90px !important;}&#8221;]<a href=\"https:\/\/wfg-kreis-viersen.de\/en\/contact\/\" target=\"_blank\" rel=\"noopener\">Contact<\/a>[\/vc_column_text][\/vc_column][vc_column width=&#8221;1\/12&#8243; offset=&#8221;vc_hidden-sm vc_hidden-xs&#8221;][\/vc_column][vc_column offset=&#8221;vc_col-md-8&#8243;][vc_row_inner equal_height=&#8221;yes&#8221; el_class=&#8221;injectable&#8221; el_id=&#8221;angebot-icons&#8221;][vc_column_inner width=&#8221;1\/3&#8243;][vc_single_image image=&#8221;18130&#8243; img_size=&#8221;full&#8221;][vc_column_text]<\/p>\n<h5>Companies<\/h5>\n<p>[\/vc_column_text][vc_wp_custommenu nav_menu=&#8221;569&#8243;][\/vc_column_inner][vc_column_inner width=&#8221;1\/3&#8243;][vc_single_image image=&#8221;18128&#8243; img_size=&#8221;full&#8221;][vc_column_text]<\/p>\n<h5>Founders<\/h5>\n<p>[\/vc_column_text][vc_wp_custommenu nav_menu=&#8221;567&#8243;][\/vc_column_inner][vc_column_inner width=&#8221;1\/3&#8243;][vc_single_image image=&#8221;18132&#8243; img_size=&#8221;full&#8221;][vc_column_text]<\/p>\n<h5>Municipalities<\/h5>\n<p>[\/vc_column_text][vc_wp_custommenu nav_menu=&#8221;570&#8243;][\/vc_column_inner][vc_column_inner width=&#8221;1\/3&#8243;][vc_single_image image=&#8221;18143&#8243; img_size=&#8221;full&#8221;][vc_column_text]<\/p>\n<h5>Future impulses<\/h5>\n<p>[\/vc_column_text][vc_wp_custommenu nav_menu=&#8221;634&#8243;][\/vc_column_inner][vc_column_inner width=&#8221;1\/3&#8243;][vc_single_image image=&#8221;18139&#8243; img_size=&#8221;full&#8221;][vc_column_text]<\/p>\n<h5>Location<\/h5>\n<p>[\/vc_column_text][vc_wp_custommenu nav_menu=&#8221;635&#8243;][\/vc_column_inner][vc_column_inner width=&#8221;1\/3&#8243;][vc_single_image image=&#8221;18141&#8243; img_size=&#8221;full&#8221;][vc_column_text]<\/p>\n<h5>Events<\/h5>\n<p>[\/vc_column_text][vc_wp_custommenu nav_menu=&#8221;726&#8243;][\/vc_column_inner][\/vc_row_inner][\/vc_column][\/vc_row][vc_row full_width=&#8221;stretch_row&#8221; css=&#8221;.vc_custom_1644999671053{margin-bottom: 0px !important;padding-top: 100px !important;padding-bottom: 100px !important;}&#8221; el_class=&#8221;paperplanes&#8221;][vc_column width=&#8221;1\/6&#8243;][\/vc_column][vc_column width=&#8221;2\/3&#8243;][vc_column_text css=&#8221;.vc_custom_1651153258320{margin-bottom: 30px !important;}&#8221;]<\/p>\n<h2 style=\"text-align: center;\">Always up to date<\/h2>\n<p style=\"text-align: center;\">Our newsletter, &#8220;Kreis Viersen aktuell&#8221;, keeps you informed about current topics within the Kreis region, the \u201cWirtschaftsf\u00f6rderung\u201d department, Niederrhein Tourismus and Technologiezentrum Niederrhein. Every month, unfiltered, short and sweet.<\/p>\n<p>[\/vc_column_text][vc_column_text el_class=&#8221;button-filled&#8221;]<\/p>\n<p style=\"text-align: center;\"><a href=\"https:\/\/wfg-kreis-viersen.de\/newsletter\/\">Register now<\/a><\/p>\n<p>[\/vc_column_text][\/vc_column][vc_column width=&#8221;1\/6&#8243;][\/vc_column][\/vc_row][vc_row full_width=&#8221;stretch_row&#8221; el_class=&#8221;diagonal-grau abstand-unten&#8221;][vc_column][vc_column_text el_class=&#8221;h2-headline&#8221;]<\/p>\n<h2 style=\"text-align: center;\">News<\/h2>\n<p>[\/vc_column_text]<div class=\"card-deck owl-carousel owl-theme post-carousel-layout-standard-1 owl-nav-center\" data-owl-carousel-options=\"{&quot;responsive&quot;:{&quot;0&quot;:{&quot;items&quot;:1,&quot;margin&quot;:0,&quot;loop&quot;:false,&quot;nav&quot;:true,&quot;dots&quot;:false,&quot;autoplay&quot;:false,&quot;autoplayTimeout&quot;:5000},&quot;576&quot;:{&quot;items&quot;:1,&quot;margin&quot;:0,&quot;loop&quot;:false,&quot;nav&quot;:true,&quot;dots&quot;:false,&quot;autoplay&quot;:false,&quot;autoplayTimeout&quot;:5000},&quot;768&quot;:{&quot;items&quot;:2,&quot;margin&quot;:0,&quot;loop&quot;:false,&quot;nav&quot;:true,&quot;dots&quot;:false,&quot;autoplay&quot;:false,&quot;autoplayTimeout&quot;:5000},&quot;992&quot;:{&quot;items&quot;:3,&quot;margin&quot;:0,&quot;loop&quot;:false,&quot;nav&quot;:true,&quot;dots&quot;:false,&quot;autoplay&quot;:false,&quot;autoplayTimeout&quot;:5000},&quot;1200&quot;:{&quot;items&quot;:3,&quot;margin&quot;:0,&quot;loop&quot;:false,&quot;nav&quot;:true,&quot;dots&quot;:false,&quot;autoplay&quot;:false,&quot;autoplayTimeout&quot;:5000}},&quot;stagePadding&quot;:0,&quot;center&quot;:false,&quot;animateIn&quot;:false,&quot;animateOut&quot;:false,&quot;mouseDrag&quot;:true,&quot;touchDrag&quot;:true,&quot;navText&quot;:[&quot;&lt;span aria-label=\\&quot;Previous\\&quot;&gt;\\u2039&lt;\\\/span&gt;&quot;,&quot;&lt;span aria-label=\\&quot;Next\\&quot;&gt;\\u203a&lt;\\\/span&gt;&quot;]}\">\r\n\t\r\n\t\t\r\n\t\t<div class=\"item\">\r\n\t\t\t<div class=\"card\">\r\n\t\t\t\t<div class=\"card-img\" style=\"background-image:url('https:\/\/wfg-kreis-viersen.de\/wp-content\/uploads\/2026\/04\/Foto_Praktikum-819x1024.jpg');\"><\/div>\r\n\t\t\t\t<div class=\"card-date\">29. April 2026<\/div>\r\n\t\t\t\t<div class=\"card-body\">\r\n\t\t\t\t\t<h3 class=\"h5 card-title\">Sommer-Praktika: Win-Win-Situation f\u00fcr Jugendliche und Unternehmen<\/h3>\r\n\t\t\t\t\t<p class=\"card-text\">Die Sommerferien bieten Jugendlichen im Kreis Viersen eine besondere Gelegenheit zur beruflichen Orientierung: Mit den Ferien-Praktikumswochen NRW gibt es ein landesweites Format, das junge Menschen unkompliziert mit regionalen Betrieben zusammenbringt. Nach dem erfolgreichen Auftakt im vergangenen Jahr wird das Projekt 2026 fortgef\u00fchrt und richtet sich an Sch\u00fclerinnen und Sch\u00fcler ab 15 Jahren. Ziel ist es, [&hellip;]<\/p>\r\n\t\t\t\t<\/div>\r\n\t\t\t\t<div class=\"card-footer button-filled button-sm\">\r\n\t\t\t\t\t<a href=\"https:\/\/wfg-kreis-viersen.de\/en\/sommer-praktika-win-win-situation-fuer-jugendliche-und-unternehmen\/\" class=\"stretched-link\">more<\/a>\r\n\t\t\t\t<\/div>\r\n\t\t\t<\/div>\r\n\t\t\t\r\n\t\t<\/div>\r\n\t\r\n\t\t\r\n\t\t<div class=\"item\">\r\n\t\t\t<div class=\"card\">\r\n\t\t\t\t<div class=\"card-img\" style=\"background-image:url('https:\/\/wfg-kreis-viersen.de\/wp-content\/uploads\/2026\/04\/Gruppe-mit-Doz-768x1024.jpg');\"><\/div>\r\n\t\t\t\t<div class=\"card-date\">27. April 2026<\/div>\r\n\t\t\t\t<div class=\"card-body\">\r\n\t\t\t\t\t<h3 class=\"h5 card-title\">Kreativit\u00e4t trifft Technik: Girls\u2019 Day im Kreis Viersen<\/h3>\r\n\t\t\t\t\t<p class=\"card-text\">Ein inspirierender Projekttag im Rahmen des Girls\u2019 Day liegt hinter einer Gruppe von Sch\u00fclerinnen \u2013 und er hat einmal mehr gezeigt, wie spannend die Verbindung von Kreativit\u00e4t und Technik sein kann. Unter dem Motto \u201eSoft Circuits: Kreativit\u00e4t trifft Technik\u201c tauchten die Teilnehmerinnen in die Welt der E-Textilien ein. Mit Nadel, Garn und etwas Elektronik entstanden leuchtende Armb\u00e4nder und individuelle Filz-Patches \u2013 jedes St\u00fcck ein kleines Unikat mit eigener Funktion.<\/p>\r\n\t\t\t\t<\/div>\r\n\t\t\t\t<div class=\"card-footer button-filled button-sm\">\r\n\t\t\t\t\t<a href=\"https:\/\/wfg-kreis-viersen.de\/en\/kreativitaet-trifft-technik-girls-day-im-kreis-viersen\/\" class=\"stretched-link\">more<\/a>\r\n\t\t\t\t<\/div>\r\n\t\t\t<\/div>\r\n\t\t\t\r\n\t\t<\/div>\r\n\t\r\n\t\t\r\n\t\t<div class=\"item\">\r\n\t\t\t<div class=\"card\">\r\n\t\t\t\t<div class=\"card-img\" style=\"background-image:url('https:\/\/wfg-kreis-viersen.de\/wp-content\/uploads\/2026\/04\/Foto_Kohnen-1024x768.jpg');\"><\/div>\r\n\t\t\t\t<div class=\"card-date\">14. April 2026<\/div>\r\n\t\t\t\t<div class=\"card-body\">\r\n\t\t\t\t\t<h3 class=\"h5 card-title\">Erfolg mit Zerspanung: \u201eWachsen gegen den Trend\u201c<\/h3>\r\n\t\t\t\t\t<p class=\"card-text\">Zerspanung mag als \u201eOld Economy\u201c gelten \u2013 doch ohne sie l\u00e4uft nach wie vor nichts: \u201eKein Auto w\u00fcrde fahren, kein Stoff k\u00f6nnte gewebt werden, kein Smartphone w\u00fcrde uns mit der gesamten Welt vernetzen\u201c, z\u00e4hlt Steffen Mallon auf. Der 30-j\u00e4hrige Schwalmtaler f\u00fchrt die Hermann Kohnen Maschinenbau GmbH (HK) in Viersen. \u201eWir wachsen gegen den Trend\u201c, so [&hellip;]<\/p>\r\n\t\t\t\t<\/div>\r\n\t\t\t\t<div class=\"card-footer button-filled button-sm\">\r\n\t\t\t\t\t<a href=\"https:\/\/wfg-kreis-viersen.de\/en\/erfolg-mit-zerspanung-wachsen-gegen-den-trend\/\" class=\"stretched-link\">more<\/a>\r\n\t\t\t\t<\/div>\r\n\t\t\t<\/div>\r\n\t\t\t\r\n\t\t<\/div>\r\n\t\r\n\t\t\r\n\t\t<div class=\"item\">\r\n\t\t\t<div class=\"card\">\r\n\t\t\t\t<div class=\"card-img\" style=\"background-image:url('https:\/\/wfg-kreis-viersen.de\/wp-content\/uploads\/2026\/03\/Foto_Forum_Mittelstand-Robotik-1024x768.jpg');\"><\/div>\r\n\t\t\t\t<div class=\"card-date\">23. March 2026<\/div>\r\n\t\t\t\t<div class=\"card-body\">\r\n\t\t\t\t\t<h3 class=\"h5 card-title\">Einstieg in die Automatisierung: Keine Scheu vor der Robotik!<\/h3>\r\n\t\t\t\t\t<p class=\"card-text\">Zur Einstimmung zeigt Prof. Dr.-Ing. Hendrik Poschmann eine kurze Video-Sequenz. Zu sehen sind mehrere humanoide, also menschlich anmutende Roboter. Sie stehen an F\u00f6rderb\u00e4ndern und sortieren Waren. Bei diesem Clip handelt es sich weder um einen Ausschnitt aus einem Hollywood-Film, noch um KI-generiertes Bildmaterial. \u201eDas ist nicht gestellt, sondern tats\u00e4chlich so gefilmt worden\u201c, betont Poschmann. Die [&hellip;]<\/p>\r\n\t\t\t\t<\/div>\r\n\t\t\t\t<div class=\"card-footer button-filled button-sm\">\r\n\t\t\t\t\t<a href=\"https:\/\/wfg-kreis-viersen.de\/en\/einstieg-in-die-automatisierung-keine-scheu-vor-der-robotik\/\" class=\"stretched-link\">more<\/a>\r\n\t\t\t\t<\/div>\r\n\t\t\t<\/div>\r\n\t\t\t\r\n\t\t<\/div>\r\n\t\r\n\t\t\r\n\t\t<div class=\"item\">\r\n\t\t\t<div class=\"card\">\r\n\t\t\t\t<div class=\"card-img\" style=\"background-image:url('https:\/\/wfg-kreis-viersen.de\/wp-content\/uploads\/2026\/03\/Foto_Forum_Zukunft-1024x683.jpg');\"><\/div>\r\n\t\t\t\t<div class=\"card-date\">23. March 2026<\/div>\r\n\t\t\t\t<div class=\"card-body\">\r\n\t\t\t\t\t<h3 class=\"h5 card-title\">Forum Zukunft: Wie das Arbeiten mit KI-Assistenten funktioniert<\/h3>\r\n\t\t\t\t\t<p class=\"card-text\">\u201eAktueller geht es nicht!\u201c Mit diesen Worten f\u00fchrte Moderator Prof. Dr. Thomas Merz in einen informativen Abend in Grefrath ein: Im Rahmen der Veranstaltungsreihe Forum Zukunft hatten die Wirtschaftsf\u00f6rderungsgesellschaft f\u00fcr den Kreis Viersen mbH (WFG) und die Industrie- und Handelskammer (IHK) Mittlerer Niederrhein den KI-Pionier und mehrfachen Startup-Gr\u00fcnder Dominic von Proeck in die R\u00e4ume der [&hellip;]<\/p>\r\n\t\t\t\t<\/div>\r\n\t\t\t\t<div class=\"card-footer button-filled button-sm\">\r\n\t\t\t\t\t<a href=\"https:\/\/wfg-kreis-viersen.de\/en\/forum-zukunft-wie-das-arbeiten-mit-ki-assistenten-funktioniert\/\" class=\"stretched-link\">more<\/a>\r\n\t\t\t\t<\/div>\r\n\t\t\t<\/div>\r\n\t\t\t\r\n\t\t<\/div>\r\n\t\r\n\t\t\r\n\t\t<div class=\"item\">\r\n\t\t\t<div class=\"card\">\r\n\t\t\t\t<div class=\"card-img\" style=\"background-image:url('https:\/\/wfg-kreis-viersen.de\/wp-content\/uploads\/2026\/01\/header_fmn-2026_2000x1000px-1024x512.jpg');\"><\/div>\r\n\t\t\t\t<div class=\"card-date\">24. February 2026<\/div>\r\n\t\t\t\t<div class=\"card-body\">\r\n\t\t\t\t\t<h3 class=\"h5 card-title\">Forum Mittelstand: Startschuss f\u00e4llt am 17. M\u00e4rz<\/h3>\r\n\t\t\t\t\t<p class=\"card-text\">Eine ebenso beliebte wie erfolgreiche Veranstaltungsreihe geht in die Fortsetzung: das Forum Mittelstand Niederrhein. \u201eDamit unsere Region auch in Zukunft erfolgreich bleibt, braucht es Orientierung, Austausch und Impulse, die praxisnah begleiten und Mut machen. Genau das bietet unser Forum Mittelstand Niederrhein\u201c, sagt Bennet Gielen, Landrat des Kreises Viersen. F\u00fcnf Themen r\u00fccken dabei in den Mittelpunkt, [&hellip;]<\/p>\r\n\t\t\t\t<\/div>\r\n\t\t\t\t<div class=\"card-footer button-filled button-sm\">\r\n\t\t\t\t\t<a href=\"https:\/\/wfg-kreis-viersen.de\/en\/forum-mittelstand-startschuss-faellt-am-17-maerz\/\" class=\"stretched-link\">more<\/a>\r\n\t\t\t\t<\/div>\r\n\t\t\t<\/div>\r\n\t\t\t\r\n\t\t<\/div>\r\n\t<\/div><style>\/* post-carousel-standard-1 *\/\n\n.post-carousel-standard-1 .owl-stage {\n  display: flex;\n}\n.post-carousel-standard-1 .owl-item {\n  display: flex;\n  flex: 1 0 auto;\n}\n.post-carousel-standard-1 .caption {\n  display: flex;\n  flex: 1 0 auto;\n  flex-direction: column;\n}\n.post-carousel-standard-1 .flex-text {\n  flex-grow: 1;\n}\n.post-carousel-standard-1 .thumbnail {\n  display: flex;\n  flex-direction: column;\n  margin: 0 15px;\n}\n\n.post-carousel-standard-1 .card {\n    -ms-flex: 1 0 0%;\n    flex: 1 0 0%;\n    margin-right: 15px;\n    margin-bottom: 0;\n    margin-left: 15px;\n    height: 100%;\n    overflow: hidden;\n}\n\n.post-carousel-standard-1 .card-img {\n  width: 100%;\n  height: 200px;\n  background-color: #ccc;\n  background-position: center;\n  background-size: cover;\n  transition:all 0.3s ease-in-out;\n  opacity:1;\n}\n\n.post-carousel-standard-1 .card:hover .card-img,\n.post-carousel-standard-1 .card:focus .card-img {\n  transform: scale(1.02);\n  opacity:0.5;\n}\n\n.post-carousel-standard-1 .card-footer {\n    padding: 2rem 1.25rem;\n    background-color: transparent;\n    border-top: 0;\n}<\/style>[\/vc_column][\/vc_row][vc_row full_width=&#8221;stretch_row&#8221; css=&#8221;.vc_custom_1644510845930{margin-bottom: 120px !important;}&#8221;][vc_column][vc_column_text el_class=&#8221;h2-headline&#8221;]<\/p>\n<h2 style=\"text-align: center;\">Events &amp; Dates<\/h2>\n<p>[\/vc_column_text][vc_column_text el_class=&#8221;h2-headline&#8221;]<div class=\"card-deck owl-carousel owl-theme post-carousel-layout-events-2 bg-white owl-nav-center\" data-owl-carousel-options=\"{&quot;responsive&quot;:{&quot;0&quot;:{&quot;items&quot;:1,&quot;margin&quot;:0,&quot;loop&quot;:false,&quot;nav&quot;:false,&quot;dots&quot;:true,&quot;autoplay&quot;:false,&quot;autoplayTimeout&quot;:5000},&quot;576&quot;:{&quot;items&quot;:1,&quot;margin&quot;:0,&quot;loop&quot;:false,&quot;nav&quot;:false,&quot;dots&quot;:true,&quot;autoplay&quot;:false,&quot;autoplayTimeout&quot;:5000},&quot;768&quot;:{&quot;items&quot;:2,&quot;margin&quot;:0,&quot;loop&quot;:false,&quot;nav&quot;:false,&quot;dots&quot;:true,&quot;autoplay&quot;:false,&quot;autoplayTimeout&quot;:5000},&quot;992&quot;:{&quot;items&quot;:3,&quot;margin&quot;:0,&quot;loop&quot;:false,&quot;nav&quot;:false,&quot;dots&quot;:true,&quot;autoplay&quot;:false,&quot;autoplayTimeout&quot;:5000},&quot;1200&quot;:{&quot;items&quot;:4,&quot;margin&quot;:0,&quot;loop&quot;:false,&quot;nav&quot;:false,&quot;dots&quot;:true,&quot;autoplay&quot;:false,&quot;autoplayTimeout&quot;:5000}},&quot;stagePadding&quot;:0,&quot;center&quot;:false,&quot;animateIn&quot;:false,&quot;animateOut&quot;:false,&quot;mouseDrag&quot;:true,&quot;touchDrag&quot;:true,&quot;navText&quot;:[&quot;&lt;span aria-label=\\&quot;Previous\\&quot;&gt;\\u2039&lt;\\\/span&gt;&quot;,&quot;&lt;span aria-label=\\&quot;Next\\&quot;&gt;\\u203a&lt;\\\/span&gt;&quot;]}\">\n\t\n\t\t\n\t\t<div class=\"item\">\n\t\t\t<div class=\"card\">\n\t\t\t    <div class=\"card-date background-image\" style=\"background-image: url(https:\/\/wfg-kreis-viersen.de\/wp-content\/uploads\/2024\/01\/ERFINDER-UND-PATENTBERATUNG-1200x600.png);\">\n\t\t\t\t\t<div class=\"date\">\t\t\t      \t\t\t<div class=\"day\">7.<\/div>\n\t\t\t      \t\t\t<div class=\"month\">May<\/div>\n\t\t\t      \t\t\t<\/div>\t\t\t    <\/div>\n\t\t\t\t<div class=\"card-body\">\n\t\t\t\t\t<a href=\"https:\/\/wfg-kreis-viersen.de\/en\/veranstaltungen\/sprechstunde-erfinder-und-patentberatung-2-2-2-2-2-2-2-2-2-2-3-2\/\" class=\"stretched-link\"><h3 class=\"h4 card-title\">Sprechstunde | Erfinder- und Patentberatung<\/h3><\/a>\n\t\t\t\t<\/div>\n\t\t\t<\/div>\n\t\t<\/div>\n\t\n\t\t\n\t\t<div class=\"item\">\n\t\t\t<div class=\"card\">\n\t\t\t    <div class=\"card-date background-image\" style=\"background-image: url(https:\/\/wfg-kreis-viersen.de\/wp-content\/uploads\/2024\/01\/STEUERSPRECHSTUNDE-FUeR-GRUeNDENDE-1200x600.png);\">\n\t\t\t\t\t<div class=\"date\">\t\t\t      \t\t\t<div class=\"day\">13.<\/div>\n\t\t\t      \t\t\t<div class=\"month\">May<\/div>\n\t\t\t      \t\t\t<\/div>\t\t\t    <\/div>\n\t\t\t\t<div class=\"card-body\">\n\t\t\t\t\t<a href=\"https:\/\/wfg-kreis-viersen.de\/en\/veranstaltungen\/steuersprechstunde-fuer-gruendende-2-2-2-2-2-2-2-2-2-2-2-2-3-2-2-2-2-2-2-2\/\" class=\"stretched-link\"><h3 class=\"h4 card-title\">Steuersprechstunde f\u00fcr Gr\u00fcndende<\/h3><\/a>\n\t\t\t\t<\/div>\n\t\t\t<\/div>\n\t\t<\/div>\n\t\n\t\t\n\t\t<div class=\"item\">\n\t\t\t<div class=\"card\">\n\t\t\t    <div class=\"card-date background-image\" style=\"background-image: url(https:\/\/wfg-kreis-viersen.de\/wp-content\/uploads\/2024\/01\/STEUERSPRECHSTUNDE-FUeR-GRUeNDENDE-1200x600.png);\">\n\t\t\t\t\t<div class=\"date\">\t\t\t      \t\t\t<div class=\"day\">10.<\/div>\n\t\t\t      \t\t\t<div class=\"month\">June<\/div>\n\t\t\t      \t\t\t<\/div>\t\t\t    <\/div>\n\t\t\t\t<div class=\"card-body\">\n\t\t\t\t\t<a href=\"https:\/\/wfg-kreis-viersen.de\/en\/veranstaltungen\/steuersprechstunde-fuer-gruendende-2-2-2-2-2-2-2-2-2-2-2-2-3-2-2-2\/\" class=\"stretched-link\"><h3 class=\"h4 card-title\">Steuersprechstunde f\u00fcr Gr\u00fcndende<\/h3><\/a>\n\t\t\t\t<\/div>\n\t\t\t<\/div>\n\t\t<\/div>\n\t\n\t\t\n\t\t<div class=\"item\">\n\t\t\t<div class=\"card\">\n\t\t\t    <div class=\"card-date background-image\" style=\"background-image: url(https:\/\/wfg-kreis-viersen.de\/wp-content\/uploads\/2024\/01\/ERFINDER-UND-PATENTBERATUNG-1200x600.png);\">\n\t\t\t\t\t<div class=\"date\">\t\t\t      \t\t\t<div class=\"day\">11.<\/div>\n\t\t\t      \t\t\t<div class=\"month\">June<\/div>\n\t\t\t      \t\t\t<\/div>\t\t\t    <\/div>\n\t\t\t\t<div class=\"card-body\">\n\t\t\t\t\t<a href=\"https:\/\/wfg-kreis-viersen.de\/en\/veranstaltungen\/sprechstunde-erfinder-und-patentberatung-2-2-2-2-2-2-2-2-2-2-3-2-2-2-2-2\/\" class=\"stretched-link\"><h3 class=\"h4 card-title\">Sprechstunde | Erfinder- und Patentberatung<\/h3><\/a>\n\t\t\t\t<\/div>\n\t\t\t<\/div>\n\t\t<\/div>\n\t\n\t\t\n\t\t<div class=\"item\">\n\t\t\t<div class=\"card\">\n\t\t\t    <div class=\"card-date background-image\" style=\"background-image: url(https:\/\/wfg-kreis-viersen.de\/wp-content\/uploads\/2026\/01\/160626_fmn_header-1.jpg);\">\n\t\t\t\t\t<div class=\"date\">\t\t\t      \t\t\t<div class=\"day\">16.<\/div>\n\t\t\t      \t\t\t<div class=\"month\">June<\/div>\n\t\t\t      \t\t\t<\/div>\t\t\t    <\/div>\n\t\t\t\t<div class=\"card-body\">\n\t\t\t\t\t<a href=\"https:\/\/wfg-kreis-viersen.de\/en\/veranstaltungen\/forum-mittelstand-entlasten-investieren-zukunft-sichern-bundespolitik-fuer-den-mittelstand-am-niederrhein\/\" class=\"stretched-link\"><h3 class=\"h4 card-title\">Forum Mittelstand | Entlasten, Investieren, Zukunft sichern \u2013 Bundespolitik f\u00fcr den Mittelstand am Niederrhein<\/h3><\/a>\n\t\t\t\t<\/div>\n\t\t\t<\/div>\n\t\t<\/div>\n\t\n\t\t\n\t\t<div class=\"item\">\n\t\t\t<div class=\"card\">\n\t\t\t    <div class=\"card-date background-image\" style=\"background-image: url(https:\/\/wfg-kreis-viersen.de\/wp-content\/uploads\/2023\/08\/Foerdermittel-Termin-WFG-Snowing-Freepik.com_.jpg);\">\n\t\t\t\t\t<div class=\"date\">\t\t\t      \t\t\t<div class=\"day\">17.<\/div>\n\t\t\t      \t\t\t<div class=\"month\">June<\/div>\n\t\t\t      \t\t\t<\/div>\t\t\t    <\/div>\n\t\t\t\t<div class=\"card-body\">\n\t\t\t\t\t<a href=\"https:\/\/wfg-kreis-viersen.de\/en\/veranstaltungen\/foerdermittel-unterwegs-brueggen\/\" class=\"stretched-link\"><h3 class=\"h4 card-title\">F\u00f6rdermittel unterwegs (Br\u00fcggen)<\/h3><\/a>\n\t\t\t\t<\/div>\n\t\t\t<\/div>\n\t\t<\/div>\n\t\n\t\t\n\t\t<div class=\"item\">\n\t\t\t<div class=\"card\">\n\t\t\t    <div class=\"card-date background-image\" style=\"background-image: url(https:\/\/wfg-kreis-viersen.de\/wp-content\/uploads\/2026\/04\/Investitionsentscheidungen-im-Unternehmen_1200px.jpg);\">\n\t\t\t\t\t<div class=\"date\">\t\t\t\t\t\t\t<div class=\"row no-gutters\">\n\t\t\t\t\t\t\t<div class=\"from\">\n\t\t\t\t\t\t\t\t<div class=\"day\">17.<\/div>\n\t\t\t\t\t\t\t\t<div class=\"month\">June<\/div>\n\t\t\t\t\t\t\t<\/div>\n\t\t\t\t\t\t\t<div>\n\t\t\t\t\t\t\t\t<span class=\"date-divider\">\u2013<\/span>\n\t\t\t\t\t\t\t<\/div>\n\t\t\t\t\t\t\t<div class=\"to\">\n\t\t\t\t\t\t\t\t<div class=\"day\">18.<\/div>\n\t\t\t\t\t\t\t\t<div class=\"month\">June<\/div>\n\t\t\t\t\t\t\t<\/div>\n\t\t\t\t\t\t\t<\/div>\n\t\t\t      \t\t\t<\/div>\t\t\t    <\/div>\n\t\t\t\t<div class=\"card-body\">\n\t\t\t\t\t<a href=\"https:\/\/wfg-kreis-viersen.de\/en\/veranstaltungen\/investitionsentscheidungen-im-unternehmen-analyse-bewertung-und-risikosteuerung\/\" class=\"stretched-link\"><h3 class=\"h4 card-title\">Investitionsentscheidungen im Unternehmen \u2013 Analyse, Bewertung und Risikosteuerung<\/h3><\/a>\n\t\t\t\t<\/div>\n\t\t\t<\/div>\n\t\t<\/div>\n\t\n\t\t\n\t\t<div class=\"item\">\n\t\t\t<div class=\"card\">\n\t\t\t    <div class=\"card-date background-image\" style=\"background-image: url(https:\/\/wfg-kreis-viersen.de\/wp-content\/uploads\/2025\/03\/A4_Modulflyer_MindfulLeadership_Wifoe.jpg);\">\n\t\t\t\t\t<div class=\"date\">\t\t\t      \t\t\t<div class=\"day\">26.<\/div>\n\t\t\t      \t\t\t<div class=\"month\">June<\/div>\n\t\t\t      \t\t\t<\/div>\t\t\t    <\/div>\n\t\t\t\t<div class=\"card-body\">\n\t\t\t\t\t<a href=\"https:\/\/wfg-kreis-viersen.de\/en\/veranstaltungen\/mindful-leadership-fuehrung-durch-selbstreflexion-und-resilienz-2026\/\" class=\"stretched-link\"><h3 class=\"h4 card-title\">Mindful Leadership &#8211; F\u00fchrung durch Selbstreflexion und Resilienz<\/h3><\/a>\n\t\t\t\t<\/div>\n\t\t\t<\/div>\n\t\t<\/div>\n\t\n\t\t\n\t\t<div class=\"item\">\n\t\t\t<div class=\"card\">\n\t\t\t    <div class=\"card-date background-image\" style=\"background-image: url(https:\/\/wfg-kreis-viersen.de\/wp-content\/uploads\/2024\/01\/ERFINDER-UND-PATENTBERATUNG-1200x600.png);\">\n\t\t\t\t\t<div class=\"date\">\t\t\t      \t\t\t<div class=\"day\">2.<\/div>\n\t\t\t      \t\t\t<div class=\"month\">July<\/div>\n\t\t\t      \t\t\t<\/div>\t\t\t    <\/div>\n\t\t\t\t<div class=\"card-body\">\n\t\t\t\t\t<a href=\"https:\/\/wfg-kreis-viersen.de\/en\/veranstaltungen\/sprechstunde-erfinder-und-patentberatung-2-2-2-2-2-2-2-2-2-2-3-2-2\/\" class=\"stretched-link\"><h3 class=\"h4 card-title\">Sprechstunde | Erfinder- und Patentberatung<\/h3><\/a>\n\t\t\t\t<\/div>\n\t\t\t<\/div>\n\t\t<\/div>\n\t\n\t\t\n\t\t<div class=\"item\">\n\t\t\t<div class=\"card\">\n\t\t\t    <div class=\"card-date background-image\" style=\"background-image: url(https:\/\/wfg-kreis-viersen.de\/wp-content\/uploads\/2024\/01\/STEUERSPRECHSTUNDE-FUeR-GRUeNDENDE-1200x600.png);\">\n\t\t\t\t\t<div class=\"date\">\t\t\t      \t\t\t<div class=\"day\">8.<\/div>\n\t\t\t      \t\t\t<div class=\"month\">July<\/div>\n\t\t\t      \t\t\t<\/div>\t\t\t    <\/div>\n\t\t\t\t<div class=\"card-body\">\n\t\t\t\t\t<a href=\"https:\/\/wfg-kreis-viersen.de\/en\/veranstaltungen\/steuersprechstunde-fuer-gruendende-2-2-2-2-2-2-2-2-2-2-2-2-3-2-2-2-2-2-2-2-2\/\" class=\"stretched-link\"><h3 class=\"h4 card-title\">Steuersprechstunde f\u00fcr Gr\u00fcndende<\/h3><\/a>\n\t\t\t\t<\/div>\n\t\t\t<\/div>\n\t\t<\/div>\n\t<\/div>[\/vc_column_text][\/vc_column][\/vc_row]<\/p>\n","protected":false},"excerpt":{"rendered":"<p>[vc_row css=&#8221;.vc_custom_1644392584085{margin-bottom: 120px !important;}&#8221;][vc_column offset=&#8221;vc_col-lg-8 vc_col-md-10&#8243;][vc_column_text] Wirtschafts\u00adf\u00f6rderung f\u00fcr den Kreis Viersen [\/vc_column_text][vc_column_text css=&#8221;.vc_custom_1651150901783{margin-bottom: 15px !important;padding-top: 0px !important;}&#8221;]The Wirtschaftsf\u00f6rderung Kreis Viersen team is at your disposal if you are interested in learning more about the city of Viersen and its surroundings in the German Lower Rhine region as a potential location for your company &#8211; and [&hellip;]<\/p>\n","protected":false},"author":1,"featured_media":27567,"parent":0,"menu_order":0,"comment_status":"closed","ping_status":"closed","template":"","meta":{"inline_featured_image":false,"footnotes":""},"_links":{"self":[{"href":"https:\/\/wfg-kreis-viersen.de\/en\/wp-json\/wp\/v2\/pages\/18241"}],"collection":[{"href":"https:\/\/wfg-kreis-viersen.de\/en\/wp-json\/wp\/v2\/pages"}],"about":[{"href":"https:\/\/wfg-kreis-viersen.de\/en\/wp-json\/wp\/v2\/types\/page"}],"author":[{"embeddable":true,"href":"https:\/\/wfg-kreis-viersen.de\/en\/wp-json\/wp\/v2\/users\/1"}],"replies":[{"embeddable":true,"href":"https:\/\/wfg-kreis-viersen.de\/en\/wp-json\/wp\/v2\/comments?post=18241"}],"version-history":[{"count":9,"href":"https:\/\/wfg-kreis-viersen.de\/en\/wp-json\/wp\/v2\/pages\/18241\/revisions"}],"predecessor-version":[{"id":21278,"href":"https:\/\/wfg-kreis-viersen.de\/en\/wp-json\/wp\/v2\/pages\/18241\/revisions\/21278"}],"wp:featuredmedia":[{"embeddable":true,"href":"https:\/\/wfg-kreis-viersen.de\/en\/wp-json\/wp\/v2\/media\/27567"}],"wp:attachment":[{"href":"https:\/\/wfg-kreis-viersen.de\/en\/wp-json\/wp\/v2\/media?parent=18241"}],"curies":[{"name":"wp","href":"https:\/\/api.w.org\/{rel}","templated":true}]}}