{"id":18241,"date":"2015-12-22T07:07:04","date_gmt":"2015-12-22T06:07:04","guid":{"rendered":"https:\/\/dev2.wfg-kreis-viersen.de\/startseite\/"},"modified":"2022-04-29T09:34:08","modified_gmt":"2022-04-29T07:34:08","slug":"startseite","status":"publish","type":"page","link":"https:\/\/wfg-kreis-viersen.de\/en\/","title":{"rendered":"Wirtschaftsf\u00f6rderung f\u00fcr den Kreis Viersen"},"content":{"rendered":"<p>[vc_row css=&#8221;.vc_custom_1644392584085{margin-bottom: 120px !important;}&#8221;][vc_column offset=&#8221;vc_col-lg-8 vc_col-md-10&#8243;][vc_column_text]<\/p>\n<h1>Wirtschafts\u00adf\u00f6rderung <br class=\"d-none d-lg-block\" \/>f\u00fcr den Kreis Viersen<\/h1>\n<p>[\/vc_column_text][vc_column_text css=&#8221;.vc_custom_1651150901783{margin-bottom: 15px !important;padding-top: 0px !important;}&#8221;]<strong>The Wirtschaftsf\u00f6rderung Kreis Viersen team is at your disposal if you are interested in learning more about the city of Viersen and its surroundings in the German Lower Rhine region as a potential location for your company &#8211; and everything that involves. Existing entrepreneurs in Kreis Viersen are also welcome to contact us with questions.<\/strong>[\/vc_column_text][vc_column_text css=&#8221;.vc_custom_1651150880198{margin-bottom: 15px !important;padding-top: 0px !important;}&#8221;]We have been tasked with actively developing and future-proofing the economy and business sector in Kreis Viersen, a city with a population of approximately 300,000. Job creation and retention is our top priority. We work with a focus on the future for companies, start-ups and the municipalities in Kreis Viersen, identifying trends, initiating processes and developing new ideas. We are a strong partner in substantive international networks.<\/p>\n<p>We serve as a one-stop shop for expert advice and a wide range of services\u2014from information on subsidies and start-up advice to support for businesses looking to buy land and real estate. Marketing Kreis Viersen as a prime business location and an excellent tourist destination is one of our key tasks.<\/p>\n<p>Ready for the future\u2014in line with that motto, sustainability plays an important role in everything we do. We provide targeted advice to agricultural entrepreneurs to support future-oriented agriculture. Sustainable and healthy construction and reusing former business parks and real estate are other examples of our smart and renewable projects and initiatives.[\/vc_column_text][\/vc_column][vc_column width=&#8221;1\/3&#8243;][\/vc_column][\/vc_row][vc_row full_width=&#8221;stretch_row&#8221; el_class=&#8221;diagonal-blau&#8221; el_id=&#8221;angebot&#8221; css=&#8221;.vc_custom_1644999659415{margin-bottom: 0px !important;}&#8221;][vc_column offset=&#8221;vc_col-md-3&#8243;][vc_column_text]<\/p>\n<h2>Good advice every time<\/h2>\n<p>The Wirtschaftsf\u00f6rderung Kreis Viersen team offers a one-stop shop for expert advice and a wide range of services. We serve as your \u201cspider in a web\u201d, maintaining close contact with regional and supra-regional associations, chambers of commerce, government agencies, educational institutions and other bodies.[\/vc_column_text][vc_column_text el_class=&#8221;button-inverse-outline&#8221; css=&#8221;.vc_custom_1651153089412{margin-top: 30px !important;margin-bottom: 90px !important;}&#8221;]<a href=\"https:\/\/wfg-kreis-viersen.de\/en\/contact\/\" target=\"_blank\" rel=\"noopener\">Contact<\/a>[\/vc_column_text][\/vc_column][vc_column width=&#8221;1\/12&#8243; offset=&#8221;vc_hidden-sm vc_hidden-xs&#8221;][\/vc_column][vc_column offset=&#8221;vc_col-md-8&#8243;][vc_row_inner equal_height=&#8221;yes&#8221; el_class=&#8221;injectable&#8221; el_id=&#8221;angebot-icons&#8221;][vc_column_inner width=&#8221;1\/3&#8243;][vc_single_image image=&#8221;18130&#8243; img_size=&#8221;full&#8221;][vc_column_text]<\/p>\n<h5>Companies<\/h5>\n<p>[\/vc_column_text][vc_wp_custommenu nav_menu=&#8221;569&#8243;][\/vc_column_inner][vc_column_inner width=&#8221;1\/3&#8243;][vc_single_image image=&#8221;18128&#8243; img_size=&#8221;full&#8221;][vc_column_text]<\/p>\n<h5>Founders<\/h5>\n<p>[\/vc_column_text][vc_wp_custommenu nav_menu=&#8221;567&#8243;][\/vc_column_inner][vc_column_inner width=&#8221;1\/3&#8243;][vc_single_image image=&#8221;18132&#8243; img_size=&#8221;full&#8221;][vc_column_text]<\/p>\n<h5>Municipalities<\/h5>\n<p>[\/vc_column_text][vc_wp_custommenu nav_menu=&#8221;570&#8243;][\/vc_column_inner][vc_column_inner width=&#8221;1\/3&#8243;][vc_single_image image=&#8221;18143&#8243; img_size=&#8221;full&#8221;][vc_column_text]<\/p>\n<h5>Future impulses<\/h5>\n<p>[\/vc_column_text][vc_wp_custommenu nav_menu=&#8221;634&#8243;][\/vc_column_inner][vc_column_inner width=&#8221;1\/3&#8243;][vc_single_image image=&#8221;18139&#8243; img_size=&#8221;full&#8221;][vc_column_text]<\/p>\n<h5>Location<\/h5>\n<p>[\/vc_column_text][vc_wp_custommenu nav_menu=&#8221;635&#8243;][\/vc_column_inner][vc_column_inner width=&#8221;1\/3&#8243;][vc_single_image image=&#8221;18141&#8243; img_size=&#8221;full&#8221;][vc_column_text]<\/p>\n<h5>Events<\/h5>\n<p>[\/vc_column_text][vc_wp_custommenu nav_menu=&#8221;726&#8243;][\/vc_column_inner][\/vc_row_inner][\/vc_column][\/vc_row][vc_row full_width=&#8221;stretch_row&#8221; css=&#8221;.vc_custom_1644999671053{margin-bottom: 0px !important;padding-top: 100px !important;padding-bottom: 100px !important;}&#8221; el_class=&#8221;paperplanes&#8221;][vc_column width=&#8221;1\/6&#8243;][\/vc_column][vc_column width=&#8221;2\/3&#8243;][vc_column_text css=&#8221;.vc_custom_1651153258320{margin-bottom: 30px !important;}&#8221;]<\/p>\n<h2 style=\"text-align: center;\">Always up to date<\/h2>\n<p style=\"text-align: center;\">Our newsletter, &#8220;Kreis Viersen aktuell&#8221;, keeps you informed about current topics within the Kreis region, the \u201cWirtschaftsf\u00f6rderung\u201d department, Niederrhein Tourismus and Technologiezentrum Niederrhein. Every month, unfiltered, short and sweet.<\/p>\n<p>[\/vc_column_text][vc_column_text el_class=&#8221;button-filled&#8221;]<\/p>\n<p style=\"text-align: center;\"><a href=\"https:\/\/wfg-kreis-viersen.de\/newsletter\/\">Register now<\/a><\/p>\n<p>[\/vc_column_text][\/vc_column][vc_column width=&#8221;1\/6&#8243;][\/vc_column][\/vc_row][vc_row full_width=&#8221;stretch_row&#8221; el_class=&#8221;diagonal-grau abstand-unten&#8221;][vc_column][vc_column_text el_class=&#8221;h2-headline&#8221;]<\/p>\n<h2 style=\"text-align: center;\">News<\/h2>\n<p>[\/vc_column_text]<div class=\"card-deck owl-carousel owl-theme post-carousel-layout-standard-1 owl-nav-center\" data-owl-carousel-options=\"{&quot;responsive&quot;:{&quot;0&quot;:{&quot;items&quot;:1,&quot;margin&quot;:0,&quot;loop&quot;:false,&quot;nav&quot;:true,&quot;dots&quot;:false,&quot;autoplay&quot;:false,&quot;autoplayTimeout&quot;:5000},&quot;576&quot;:{&quot;items&quot;:1,&quot;margin&quot;:0,&quot;loop&quot;:false,&quot;nav&quot;:true,&quot;dots&quot;:false,&quot;autoplay&quot;:false,&quot;autoplayTimeout&quot;:5000},&quot;768&quot;:{&quot;items&quot;:2,&quot;margin&quot;:0,&quot;loop&quot;:false,&quot;nav&quot;:true,&quot;dots&quot;:false,&quot;autoplay&quot;:false,&quot;autoplayTimeout&quot;:5000},&quot;992&quot;:{&quot;items&quot;:3,&quot;margin&quot;:0,&quot;loop&quot;:false,&quot;nav&quot;:true,&quot;dots&quot;:false,&quot;autoplay&quot;:false,&quot;autoplayTimeout&quot;:5000},&quot;1200&quot;:{&quot;items&quot;:3,&quot;margin&quot;:0,&quot;loop&quot;:false,&quot;nav&quot;:true,&quot;dots&quot;:false,&quot;autoplay&quot;:false,&quot;autoplayTimeout&quot;:5000}},&quot;stagePadding&quot;:0,&quot;center&quot;:false,&quot;animateIn&quot;:false,&quot;animateOut&quot;:false,&quot;mouseDrag&quot;:true,&quot;touchDrag&quot;:true,&quot;navText&quot;:[&quot;&lt;span aria-label=\\&quot;Previous\\&quot;&gt;\\u2039&lt;\\\/span&gt;&quot;,&quot;&lt;span aria-label=\\&quot;Next\\&quot;&gt;\\u203a&lt;\\\/span&gt;&quot;]}\">\r\n\t\r\n\t\t\r\n\t\t<div class=\"item\">\r\n\t\t\t<div class=\"card\">\r\n\t\t\t\t<div class=\"card-img\" style=\"background-image:url('https:\/\/wfg-kreis-viersen.de\/wp-content\/uploads\/2026\/08\/Foto_Forum_Mittelstand-1024x673.jpg');\"><\/div>\r\n\t\t\t\t<div class=\"card-date\">26. August 2026<\/div>\r\n\t\t\t\t<div class=\"card-body\">\r\n\t\t\t\t\t<h3 class=\"h5 card-title\">Cybersicherheit und KI: Aktuelle Themen beim Forum Mittelstand<\/h3>\r\n\t\t\t\t\t<p class=\"card-text\">Wie man \u201edas digitale Dauerl\u00fcften im Unternehmen beendet\u201c, ist Thema beim kommenden Forum Mittelstand der WFG. Es geht um die Cybersicherheit. Wie Unternehmen ihre digitalen T\u00fcren und Fenster besser schlie\u00dfen und sich wirksam gegen Cyberangriffe sch\u00fctzen k\u00f6nnen, steht \u00a0am 8. September ab 18 Uhr im Rathaus Niederkr\u00fcchten im Mittelpunkt. Die Veranstaltung zeigt praxisnah, worauf es [&hellip;]<\/p>\r\n\t\t\t\t<\/div>\r\n\t\t\t\t<div class=\"card-footer button-filled button-sm\">\r\n\t\t\t\t\t<a href=\"https:\/\/wfg-kreis-viersen.de\/en\/cybersicherheit-und-ki-aktuelle-themen-beim-forum-mittelstand\/\" class=\"stretched-link\">more<\/a>\r\n\t\t\t\t<\/div>\r\n\t\t\t<\/div>\r\n\t\t\t\r\n\t\t<\/div>\r\n\t\r\n\t\t\r\n\t\t<div class=\"item\">\r\n\t\t\t<div class=\"card\">\r\n\t\t\t\t<div class=\"card-img\" style=\"background-image:url('https:\/\/wfg-kreis-viersen.de\/wp-content\/uploads\/2026\/08\/Foto_FM_Unterwegs-768x1024.jpg');\"><\/div>\r\n\t\t\t\t<div class=\"card-date\">21. August 2026<\/div>\r\n\t\t\t\t<div class=\"card-body\">\r\n\t\t\t\t\t<h3 class=\"h5 card-title\">F\u00f6rdermittel: Die n\u00e4chsten Beratungstermine<\/h3>\r\n\t\t\t\t\t<p class=\"card-text\">Die wirtschaftlichen Rahmenbedingungen sind f\u00fcr viele Unternehmen derzeit herausfordernd: Hohe Kosten, verhaltene Nachfrage und der zunehmende Wettbewerbsdruck machen Investitionen in Digitalisierung, Energieeffizienz und Modernisierung zugleich schwieriger und dringlicher. Gerade in dieser Situation k\u00f6nnen \u00f6ffentliche F\u00f6rdermittel einen wichtigen Beitrag leisten, damit notwendige Zukunftsinvestitionen nicht aufgeschoben werden m\u00fcssen und Unternehmen ihre Wettbewerbsf\u00e4higkeit erhalten und st\u00e4rken. Doch welche [&hellip;]<\/p>\r\n\t\t\t\t<\/div>\r\n\t\t\t\t<div class=\"card-footer button-filled button-sm\">\r\n\t\t\t\t\t<a href=\"https:\/\/wfg-kreis-viersen.de\/en\/foerdermittel-die-naechsten-beratungstermine\/\" class=\"stretched-link\">more<\/a>\r\n\t\t\t\t<\/div>\r\n\t\t\t<\/div>\r\n\t\t\t\r\n\t\t<\/div>\r\n\t\r\n\t\t\r\n\t\t<div class=\"item\">\r\n\t\t\t<div class=\"card\">\r\n\t\t\t\t<div class=\"card-img\" style=\"background-image:url('https:\/\/wfg-kreis-viersen.de\/wp-content\/uploads\/2026\/08\/Foto_Hochschule-1024x698.jpg');\"><\/div>\r\n\t\t\t\t<div class=\"card-date\">21. August 2026<\/div>\r\n\t\t\t\t<div class=\"card-body\">\r\n\t\t\t\t\t<h3 class=\"h5 card-title\">Fachkr\u00e4fte von morgen: Zusammenarbeit von Wirtschaft und Hochschule<\/h3>\r\n\t\t\t\t\t<p class=\"card-text\">Wie k\u00f6nnen Unternehmen aus dem Kreis Viersen vom Know-how der Hochschule Niederrhein profitieren und dabei die Fachkr\u00e4fte von morgen kennenlernen? Gemeinsam mit dem SWK E\u00b2 Institut f\u00fcr Energietechnik und Energiemanagement der Hochschule Niederrhein (HSNR) und der GWG Gemeinn\u00fctzige Wohnungsgesellschaft Kreis Viersen AG l\u00e4dt die WFG Kreis Viersen zu einem Info-Abend rund um diese Fragestellung ein. [&hellip;]<\/p>\r\n\t\t\t\t<\/div>\r\n\t\t\t\t<div class=\"card-footer button-filled button-sm\">\r\n\t\t\t\t\t<a href=\"https:\/\/wfg-kreis-viersen.de\/en\/fachkraefte-von-morgen-zusammenarbeit-von-wirtschaft-und-hochschule\/\" class=\"stretched-link\">more<\/a>\r\n\t\t\t\t<\/div>\r\n\t\t\t<\/div>\r\n\t\t\t\r\n\t\t<\/div>\r\n\t\r\n\t\t\r\n\t\t<div class=\"item\">\r\n\t\t\t<div class=\"card\">\r\n\t\t\t\t<div class=\"card-img\" style=\"background-image:url('https:\/\/wfg-kreis-viersen.de\/wp-content\/uploads\/2026\/07\/26-07-07_zdi-Qualitaetssiegel-2026_Querformat-1024x683.jpg');\"><\/div>\r\n\t\t\t\t<div class=\"card-date\">10. July 2026<\/div>\r\n\t\t\t\t<div class=\"card-body\">\r\n\t\t\t\t\t<h3 class=\"h5 card-title\">Qualit\u00e4tssiegel f\u00fcr zdi-Netzwerk Kreis Viersen<\/h3>\r\n\t\t\t\t\t<p class=\"card-text\">Ina Brandes, Ministerin f\u00fcr Kultur und Wissenschaft des Landes Nordrhein\u2011Westfalen (MKW), hat die zdi\u2011Qualit\u00e4tssiegel 2026 an 46 zdi\u2011Netzwerke in NRW \u00fcberreicht (Foto: zdi.NRW | Caroline Seidel). Auch das zdi-Netzwerk Kreis Viersen wurde ausgezeichnet \u2013 Anke Erhardt und Caren Schmitter von der WFG waren in D\u00fcsseldorf dabei. In ihrem Gru\u00dfwort w\u00fcrdigte die Ministerin die Arbeit der [&hellip;]<\/p>\r\n\t\t\t\t<\/div>\r\n\t\t\t\t<div class=\"card-footer button-filled button-sm\">\r\n\t\t\t\t\t<a href=\"https:\/\/wfg-kreis-viersen.de\/en\/qualitaetssiegel-fuer-zdi-netzwerk-kreis-viersen\/\" class=\"stretched-link\">more<\/a>\r\n\t\t\t\t<\/div>\r\n\t\t\t<\/div>\r\n\t\t\t\r\n\t\t<\/div>\r\n\t\r\n\t\t\r\n\t\t<div class=\"item\">\r\n\t\t\t<div class=\"card\">\r\n\t\t\t\t<div class=\"card-img\" style=\"background-image:url('https:\/\/wfg-kreis-viersen.de\/wp-content\/uploads\/2026\/06\/Foto_Fohlen-1024x795.jpg');\"><\/div>\r\n\t\t\t\t<div class=\"card-date\">24. June 2026<\/div>\r\n\t\t\t\t<div class=\"card-body\">\r\n\t\t\t\t\t<h3 class=\"h5 card-title\">Vorfreude auf die 6. Fohlenschau Mittlerer Niederrhein<\/h3>\r\n\t\t\t\t\t<p class=\"card-text\">Die Fohlenschau Mittlerer Niederrhein geht in die sechste Runde: Am Freitag, 3. Juli 2026, treffen sich erneut Pferdez\u00fcchterinnen und Pferdez\u00fcchter aus der gesamten Region auf der Reitanlage der Familie H\u00fclsmann in Willich. Teilnehmer kommen unter anderem aus den Kreisen und St\u00e4dten Viersen, Krefeld, Neuss, M\u00f6nchengladbach, K\u00f6ln, Erftstadt, Mettmann und D\u00fcsseldorf. Federf\u00fchrend organisiert wird die Veranstaltung [&hellip;]<\/p>\r\n\t\t\t\t<\/div>\r\n\t\t\t\t<div class=\"card-footer button-filled button-sm\">\r\n\t\t\t\t\t<a href=\"https:\/\/wfg-kreis-viersen.de\/en\/vorfreude-auf-die-6-fohlenschau-mittlerer-niederrhein\/\" class=\"stretched-link\">more<\/a>\r\n\t\t\t\t<\/div>\r\n\t\t\t<\/div>\r\n\t\t\t\r\n\t\t<\/div>\r\n\t\r\n\t\t\r\n\t\t<div class=\"item\">\r\n\t\t\t<div class=\"card\">\r\n\t\t\t\t<div class=\"card-img\" style=\"background-image:url('https:\/\/wfg-kreis-viersen.de\/wp-content\/uploads\/2026\/06\/FOTO_GRUeNDER-1024x873.jpg');\"><\/div>\r\n\t\t\t\t<div class=\"card-date\">16. June 2026<\/div>\r\n\t\t\t\t<div class=\"card-body\">\r\n\t\t\t\t\t<h3 class=\"h5 card-title\">Junge Gr\u00fcnder: 18-J\u00e4hriger will H\u00e4user smarter machen<\/h3>\r\n\t\t\t\t\t<p class=\"card-text\">Wie sieht das moderne Zuhause aus? F\u00fcr Vincent S\u00fcssmilch ist die Antwort klar: komfortabel, energieeffizient, sicher. Mit dieser Vision hat der 18-J\u00e4hrige am 1. April 2026 sein Einzelunternehmen f\u00fcr \u201eHome-Automation\u201c gegr\u00fcndet. Seine langj\u00e4hrige Leidenschaft f\u00fcr Smart-Home-Technologien will er damit zum Beruf machen. Nach dem k\u00fcrzlich abgelegten Fachabitur am Rhein-Maas-Berufskolleg des Kreises Viersen in Kempen st\u00fcrzt [&hellip;]<\/p>\r\n\t\t\t\t<\/div>\r\n\t\t\t\t<div class=\"card-footer button-filled button-sm\">\r\n\t\t\t\t\t<a href=\"https:\/\/wfg-kreis-viersen.de\/en\/junge-gruender-18-jaehriger-will-haeuser-smarter-machen\/\" class=\"stretched-link\">more<\/a>\r\n\t\t\t\t<\/div>\r\n\t\t\t<\/div>\r\n\t\t\t\r\n\t\t<\/div>\r\n\t<\/div><style>\/* post-carousel-standard-1 *\/\n\n.post-carousel-standard-1 .owl-stage {\n  display: flex;\n}\n.post-carousel-standard-1 .owl-item {\n  display: flex;\n  flex: 1 0 auto;\n}\n.post-carousel-standard-1 .caption {\n  display: flex;\n  flex: 1 0 auto;\n  flex-direction: column;\n}\n.post-carousel-standard-1 .flex-text {\n  flex-grow: 1;\n}\n.post-carousel-standard-1 .thumbnail {\n  display: flex;\n  flex-direction: column;\n  margin: 0 15px;\n}\n\n.post-carousel-standard-1 .card {\n    -ms-flex: 1 0 0%;\n    flex: 1 0 0%;\n    margin-right: 15px;\n    margin-bottom: 0;\n    margin-left: 15px;\n    height: 100%;\n    overflow: hidden;\n}\n\n.post-carousel-standard-1 .card-img {\n  width: 100%;\n  height: 200px;\n  background-color: #ccc;\n  background-position: center;\n  background-size: cover;\n  transition:all 0.3s ease-in-out;\n  opacity:1;\n}\n\n.post-carousel-standard-1 .card:hover .card-img,\n.post-carousel-standard-1 .card:focus .card-img {\n  transform: scale(1.02);\n  opacity:0.5;\n}\n\n.post-carousel-standard-1 .card-footer {\n    padding: 2rem 1.25rem;\n    background-color: transparent;\n    border-top: 0;\n}<\/style>[\/vc_column][\/vc_row][vc_row full_width=&#8221;stretch_row&#8221; css=&#8221;.vc_custom_1644510845930{margin-bottom: 120px !important;}&#8221;][vc_column][vc_column_text el_class=&#8221;h2-headline&#8221;]<\/p>\n<h2 style=\"text-align: center;\">Events &amp; Dates<\/h2>\n<p>[\/vc_column_text][vc_column_text el_class=&#8221;h2-headline&#8221;]<div class=\"card-deck owl-carousel owl-theme post-carousel-layout-events-2 bg-white owl-nav-center\" data-owl-carousel-options=\"{&quot;responsive&quot;:{&quot;0&quot;:{&quot;items&quot;:1,&quot;margin&quot;:0,&quot;loop&quot;:false,&quot;nav&quot;:false,&quot;dots&quot;:true,&quot;autoplay&quot;:false,&quot;autoplayTimeout&quot;:5000},&quot;576&quot;:{&quot;items&quot;:1,&quot;margin&quot;:0,&quot;loop&quot;:false,&quot;nav&quot;:false,&quot;dots&quot;:true,&quot;autoplay&quot;:false,&quot;autoplayTimeout&quot;:5000},&quot;768&quot;:{&quot;items&quot;:2,&quot;margin&quot;:0,&quot;loop&quot;:false,&quot;nav&quot;:false,&quot;dots&quot;:true,&quot;autoplay&quot;:false,&quot;autoplayTimeout&quot;:5000},&quot;992&quot;:{&quot;items&quot;:3,&quot;margin&quot;:0,&quot;loop&quot;:false,&quot;nav&quot;:false,&quot;dots&quot;:true,&quot;autoplay&quot;:false,&quot;autoplayTimeout&quot;:5000},&quot;1200&quot;:{&quot;items&quot;:4,&quot;margin&quot;:0,&quot;loop&quot;:false,&quot;nav&quot;:false,&quot;dots&quot;:true,&quot;autoplay&quot;:false,&quot;autoplayTimeout&quot;:5000}},&quot;stagePadding&quot;:0,&quot;center&quot;:false,&quot;animateIn&quot;:false,&quot;animateOut&quot;:false,&quot;mouseDrag&quot;:true,&quot;touchDrag&quot;:true,&quot;navText&quot;:[&quot;&lt;span aria-label=\\&quot;Previous\\&quot;&gt;\\u2039&lt;\\\/span&gt;&quot;,&quot;&lt;span aria-label=\\&quot;Next\\&quot;&gt;\\u203a&lt;\\\/span&gt;&quot;]}\">\n\t\n\t\t\n\t\t<div class=\"item\">\n\t\t\t<div class=\"card\">\n\t\t\t    <div class=\"card-date background-image\" style=\"background-image: url(https:\/\/wfg-kreis-viersen.de\/wp-content\/uploads\/2023\/08\/Foerdermittel-Termin-WFG-Snowing-Freepik.com_.jpg);\">\n\t\t\t\t\t<div class=\"date\">\t\t\t      \t\t\t<div class=\"day\">3.<\/div>\n\t\t\t      \t\t\t<div class=\"month\">September<\/div>\n\t\t\t      \t\t\t<\/div>\t\t\t    <\/div>\n\t\t\t\t<div class=\"card-body\">\n\t\t\t\t\t<a href=\"https:\/\/wfg-kreis-viersen.de\/en\/veranstaltungen\/foerdermittel-unterwegs-grefrath\/\" class=\"stretched-link\"><h3 class=\"h4 card-title\">F\u00f6rdermittel unterwegs (Grefrath)<\/h3><\/a>\n\t\t\t\t<\/div>\n\t\t\t<\/div>\n\t\t<\/div>\n\t\n\t\t\n\t\t<div class=\"item\">\n\t\t\t<div class=\"card\">\n\t\t\t    <div class=\"card-date background-image\" style=\"background-image: url(https:\/\/wfg-kreis-viersen.de\/wp-content\/uploads\/2024\/01\/ERFINDER-UND-PATENTBERATUNG-1200x600.png);\">\n\t\t\t\t\t<div class=\"date\">\t\t\t      \t\t\t<div class=\"day\">3.<\/div>\n\t\t\t      \t\t\t<div class=\"month\">September<\/div>\n\t\t\t      \t\t\t<\/div>\t\t\t    <\/div>\n\t\t\t\t<div class=\"card-body\">\n\t\t\t\t\t<a href=\"https:\/\/wfg-kreis-viersen.de\/en\/veranstaltungen\/sprechstunde-erfinder-und-patentberatung-2-2-2-2-2-2-2-2-2-2-3-2-2-2-2-2-2\/\" class=\"stretched-link\"><h3 class=\"h4 card-title\">Sprechstunde | Erfinder- und Patentberatung<\/h3><\/a>\n\t\t\t\t<\/div>\n\t\t\t<\/div>\n\t\t<\/div>\n\t\n\t\t\n\t\t<div class=\"item\">\n\t\t\t<div class=\"card\">\n\t\t\t    <div class=\"card-date background-image\" style=\"background-image: url(https:\/\/wfg-kreis-viersen.de\/wp-content\/uploads\/2026\/01\/0809_Cybersichereheit_1000px.jpg);\">\n\t\t\t\t\t<div class=\"date\">\t\t\t      \t\t\t<div class=\"day\">8.<\/div>\n\t\t\t      \t\t\t<div class=\"month\">September<\/div>\n\t\t\t      \t\t\t<\/div>\t\t\t    <\/div>\n\t\t\t\t<div class=\"card-body\">\n\t\t\t\t\t<a href=\"https:\/\/wfg-kreis-viersen.de\/en\/veranstaltungen\/forum-mittelstand-cybersicherheit-und-neues-aus-der-nis2-gesetzgebung-fuer-kmu\/\" class=\"stretched-link\"><h3 class=\"h4 card-title\">Forum Mittelstand | Cybersicherheit und Neues aus der NIS2-Gesetzgebung f\u00fcr KMU<\/h3><\/a>\n\t\t\t\t<\/div>\n\t\t\t<\/div>\n\t\t<\/div>\n\t\n\t\t\n\t\t<div class=\"item\">\n\t\t\t<div class=\"card\">\n\t\t\t    <div class=\"card-date background-image\" style=\"background-image: url(https:\/\/wfg-kreis-viersen.de\/wp-content\/uploads\/2024\/01\/STEUERSPRECHSTUNDE-FUeR-GRUeNDENDE-1200x600.png);\">\n\t\t\t\t\t<div class=\"date\">\t\t\t      \t\t\t<div class=\"day\">8.<\/div>\n\t\t\t      \t\t\t<div class=\"month\">September<\/div>\n\t\t\t      \t\t\t<\/div>\t\t\t    <\/div>\n\t\t\t\t<div class=\"card-body\">\n\t\t\t\t\t<a href=\"https:\/\/wfg-kreis-viersen.de\/en\/veranstaltungen\/steuersprechstunde-fuer-gruendende-2-2-2-2-2-2-2-2-2-2-2-2-3-2-2-2-2\/\" class=\"stretched-link\"><h3 class=\"h4 card-title\">Steuersprechstunde f\u00fcr Gr\u00fcndende<\/h3><\/a>\n\t\t\t\t<\/div>\n\t\t\t<\/div>\n\t\t<\/div>\n\t\n\t\t\n\t\t<div class=\"item\">\n\t\t\t<div class=\"card\">\n\t\t\t    <div class=\"card-date background-image\" style=\"background-image: url(https:\/\/wfg-kreis-viersen.de\/wp-content\/uploads\/2026\/07\/Titlepage-1200x406.png);\">\n\t\t\t\t\t<div class=\"date\">\t\t\t      \t\t\t<div class=\"day\">9.<\/div>\n\t\t\t      \t\t\t<div class=\"month\">September<\/div>\n\t\t\t      \t\t\t<\/div>\t\t\t    <\/div>\n\t\t\t\t<div class=\"card-body\">\n\t\t\t\t\t<a href=\"https:\/\/wfg-kreis-viersen.de\/en\/veranstaltungen\/unternehmenserfolg-durch-zusammenarbeit-mit-der-hochschule-niederrhein\/\" class=\"stretched-link\"><h3 class=\"h4 card-title\">Unternehmenserfolg durch Zusammenarbeit mit der Hochschule Niederrhein<\/h3><\/a>\n\t\t\t\t<\/div>\n\t\t\t<\/div>\n\t\t<\/div>\n\t\n\t\t\n\t\t<div class=\"item\">\n\t\t\t<div class=\"card\">\n\t\t\t    <div class=\"card-date background-image\" style=\"background-image: url(https:\/\/wfg-kreis-viersen.de\/wp-content\/uploads\/2024\/01\/ERFINDER-UND-PATENTBERATUNG-1200x600.png);\">\n\t\t\t\t\t<div class=\"date\">\t\t\t      \t\t\t<div class=\"day\">1.<\/div>\n\t\t\t      \t\t\t<div class=\"month\">October<\/div>\n\t\t\t      \t\t\t<\/div>\t\t\t    <\/div>\n\t\t\t\t<div class=\"card-body\">\n\t\t\t\t\t<a href=\"https:\/\/wfg-kreis-viersen.de\/en\/veranstaltungen\/sprechstunde-erfinder-und-patentberatung-2-2-2-2-2-2-2-2-2-2-3-2-2-2\/\" class=\"stretched-link\"><h3 class=\"h4 card-title\">Sprechstunde | Erfinder- und Patentberatung<\/h3><\/a>\n\t\t\t\t<\/div>\n\t\t\t<\/div>\n\t\t<\/div>\n\t\n\t\t\n\t\t<div class=\"item\">\n\t\t\t<div class=\"card\">\n\t\t\t    <div class=\"card-date background-image\" style=\"background-image: url(https:\/\/wfg-kreis-viersen.de\/wp-content\/uploads\/2025\/12\/geschaeftsmann-der-auf-seine-praesentation-auf-dem-futuristischen-digitalen-bildschirm-zeigt-1200x800.jpg);\">\n\t\t\t\t\t<div class=\"date\">\t\t\t      \t\t\t<div class=\"day\">14.<\/div>\n\t\t\t      \t\t\t<div class=\"month\">October<\/div>\n\t\t\t      \t\t\t<\/div>\t\t\t    <\/div>\n\t\t\t\t<div class=\"card-body\">\n\t\t\t\t\t<a href=\"https:\/\/wfg-kreis-viersen.de\/en\/veranstaltungen\/nrw-bank-beratertag-4\/\" class=\"stretched-link\"><h3 class=\"h4 card-title\">NRW Bank Beratertag<\/h3><\/a>\n\t\t\t\t<\/div>\n\t\t\t<\/div>\n\t\t<\/div>\n\t\n\t\t\n\t\t<div class=\"item\">\n\t\t\t<div class=\"card\">\n\t\t\t    <div class=\"card-date background-image\" style=\"background-image: url(https:\/\/wfg-kreis-viersen.de\/wp-content\/uploads\/2024\/01\/STEUERSPRECHSTUNDE-FUeR-GRUeNDENDE-1200x600.png);\">\n\t\t\t\t\t<div class=\"date\">\t\t\t      \t\t\t<div class=\"day\">14.<\/div>\n\t\t\t      \t\t\t<div class=\"month\">October<\/div>\n\t\t\t      \t\t\t<\/div>\t\t\t    <\/div>\n\t\t\t\t<div class=\"card-body\">\n\t\t\t\t\t<a href=\"https:\/\/wfg-kreis-viersen.de\/en\/veranstaltungen\/steuersprechstunde-fuer-gruendende-2-2-2-2-2-2-2-2-2-2-2-2-3-2-2-2-2-2-2-2-2-2\/\" class=\"stretched-link\"><h3 class=\"h4 card-title\">Steuersprechstunde f\u00fcr Gr\u00fcndende<\/h3><\/a>\n\t\t\t\t<\/div>\n\t\t\t<\/div>\n\t\t<\/div>\n\t\n\t\t\n\t\t<div class=\"item\">\n\t\t\t<div class=\"card\">\n\t\t\t    <div class=\"card-date background-image\" style=\"background-image: url(https:\/\/wfg-kreis-viersen.de\/wp-content\/uploads\/2024\/10\/WFG_DigiKreis-1200x816.jpg);\">\n\t\t\t\t\t<div class=\"date\">\t\t\t      \t\t\t<div class=\"day\">28.<\/div>\n\t\t\t      \t\t\t<div class=\"month\">October<\/div>\n\t\t\t      \t\t\t<\/div>\t\t\t    <\/div>\n\t\t\t\t<div class=\"card-body\">\n\t\t\t\t\t<a href=\"https:\/\/wfg-kreis-viersen.de\/en\/veranstaltungen\/digikreis-viersen\/\" class=\"stretched-link\"><h3 class=\"h4 card-title\">DigiKreis Viersen<\/h3><\/a>\n\t\t\t\t<\/div>\n\t\t\t<\/div>\n\t\t<\/div>\n\t\n\t\t\n\t\t<div class=\"item\">\n\t\t\t<div class=\"card\">\n\t\t\t    <div class=\"card-date background-image\" style=\"background-image: url(https:\/\/wfg-kreis-viersen.de\/wp-content\/uploads\/2024\/01\/ERFINDER-UND-PATENTBERATUNG-1200x600.png);\">\n\t\t\t\t\t<div class=\"date\">\t\t\t      \t\t\t<div class=\"day\">5.<\/div>\n\t\t\t      \t\t\t<div class=\"month\">November<\/div>\n\t\t\t      \t\t\t<\/div>\t\t\t    <\/div>\n\t\t\t\t<div class=\"card-body\">\n\t\t\t\t\t<a href=\"https:\/\/wfg-kreis-viersen.de\/en\/veranstaltungen\/sprechstunde-erfinder-und-patentberatung-2-2-2-2-2-2-2-2-2-2-3-2-2-2-2-2-2-2\/\" class=\"stretched-link\"><h3 class=\"h4 card-title\">Sprechstunde | Erfinder- und Patentberatung<\/h3><\/a>\n\t\t\t\t<\/div>\n\t\t\t<\/div>\n\t\t<\/div>\n\t<\/div>[\/vc_column_text][\/vc_column][\/vc_row]<\/p>\n","protected":false},"excerpt":{"rendered":"<p>[vc_row css=&#8221;.vc_custom_1644392584085{margin-bottom: 120px !important;}&#8221;][vc_column offset=&#8221;vc_col-lg-8 vc_col-md-10&#8243;][vc_column_text] Wirtschafts\u00adf\u00f6rderung f\u00fcr den Kreis Viersen [\/vc_column_text][vc_column_text css=&#8221;.vc_custom_1651150901783{margin-bottom: 15px !important;padding-top: 0px !important;}&#8221;]The Wirtschaftsf\u00f6rderung Kreis Viersen team is at your disposal if you are interested in learning more about the city of Viersen and its surroundings in the German Lower Rhine region as a potential location for your company &#8211; and [&hellip;]<\/p>\n","protected":false},"author":1,"featured_media":27567,"parent":0,"menu_order":0,"comment_status":"closed","ping_status":"closed","template":"","meta":{"inline_featured_image":false,"footnotes":""},"_links":{"self":[{"href":"https:\/\/wfg-kreis-viersen.de\/en\/wp-json\/wp\/v2\/pages\/18241"}],"collection":[{"href":"https:\/\/wfg-kreis-viersen.de\/en\/wp-json\/wp\/v2\/pages"}],"about":[{"href":"https:\/\/wfg-kreis-viersen.de\/en\/wp-json\/wp\/v2\/types\/page"}],"author":[{"embeddable":true,"href":"https:\/\/wfg-kreis-viersen.de\/en\/wp-json\/wp\/v2\/users\/1"}],"replies":[{"embeddable":true,"href":"https:\/\/wfg-kreis-viersen.de\/en\/wp-json\/wp\/v2\/comments?post=18241"}],"version-history":[{"count":9,"href":"https:\/\/wfg-kreis-viersen.de\/en\/wp-json\/wp\/v2\/pages\/18241\/revisions"}],"predecessor-version":[{"id":21278,"href":"https:\/\/wfg-kreis-viersen.de\/en\/wp-json\/wp\/v2\/pages\/18241\/revisions\/21278"}],"wp:featuredmedia":[{"embeddable":true,"href":"https:\/\/wfg-kreis-viersen.de\/en\/wp-json\/wp\/v2\/media\/27567"}],"wp:attachment":[{"href":"https:\/\/wfg-kreis-viersen.de\/en\/wp-json\/wp\/v2\/media?parent=18241"}],"curies":[{"name":"wp","href":"https:\/\/api.w.org\/{rel}","templated":true}]}}